{"id":170,"date":"2015-05-22T20:10:38","date_gmt":"2015-05-22T20:10:38","guid":{"rendered":"http:\/\/www.salesianobelgrano.edu.ar\/?page_id=170"},"modified":"2021-03-29T13:54:09","modified_gmt":"2021-03-29T13:54:09","slug":"departamento-de-orientacion-escolar","status":"publish","type":"page","link":"https:\/\/www.salesianobelgrano.edu.ar\/?page_id=170","title":{"rendered":"Departamento de Orientaci\u00f3n Escolar"},"content":{"rendered":"<p>El <strong>Departamento de Orientaci\u00f3n Escolar<\/strong> est\u00e1 formado por un grupo de profesionales que trabaja junto al Equipo de Conducci\u00f3n, docentes y tutores en la orientaci\u00f3n psicopedag\u00f3gica promoviendo intervenciones estrat\u00e9gicas para mejorar los procesos de ense\u00f1anza aprendizaje de los alumnos, buscando siempre la participaci\u00f3n de la familia en pos del bienestar del ni\u00f1o o joven.<\/p>\n<p>Integran el DOE:<\/p>\n<p><strong>Nivel Inicial y Primario<\/strong><br \/>\nPs. Mar\u00eda Laura Sant<br \/>\nmarialaura.sant@salesianobelgrano.edu.ar<\/p>\n<p><strong>Nivel Secundario<\/strong><br \/>\nPs. Marcela Cizek<br \/>\nmarcela.cizek@salesianobelgrano.edu.ar<\/p>\n","protected":false},"excerpt":{"rendered":"<p>El Departamento de Orientaci\u00f3n Escolar est\u00e1 formado por un grupo de profesionales que trabaja junto al Equipo de Conducci\u00f3n, docentes y tutores en la orientaci\u00f3n psicopedag\u00f3gica promoviendo intervenciones estrat\u00e9gicas para mejorar los procesos de ense\u00f1anza aprendizaje de los alumnos, buscando siempre la participaci\u00f3n de la familia en pos del bienestar del ni\u00f1o o joven. Integran &hellip; <a href=\"https:\/\/www.salesianobelgrano.edu.ar\/?page_id=170\" class=\"more-link\">Sigue leyendo <span class=\"screen-reader-text\">Departamento de Orientaci\u00f3n Escolar<\/span><\/a><\/p>\n","protected":false},"author":1,"featured_media":0,"parent":71,"menu_order":0,"comment_status":"open","ping_status":"open","template":"","meta":{"ngg_post_thumbnail":0,"footnotes":""},"class_list":["post-170","page","type-page","status-publish","hentry"],"_links":{"self":[{"href":"https:\/\/www.salesianobelgrano.edu.ar\/index.php?rest_route=\/wp\/v2\/pages\/170","targetHints":{"allow":["GET"]}}],"collection":[{"href":"https:\/\/www.salesianobelgrano.edu.ar\/index.php?rest_route=\/wp\/v2\/pages"}],"about":[{"href":"https:\/\/www.salesianobelgrano.edu.ar\/index.php?rest_route=\/wp\/v2\/types\/page"}],"author":[{"embeddable":true,"href":"https:\/\/www.salesianobelgrano.edu.ar\/index.php?rest_route=\/wp\/v2\/users\/1"}],"replies":[{"embeddable":true,"href":"https:\/\/www.salesianobelgrano.edu.ar\/index.php?rest_route=%2Fwp%2Fv2%2Fcomments&post=170"}],"version-history":[{"count":11,"href":"https:\/\/www.salesianobelgrano.edu.ar\/index.php?rest_route=\/wp\/v2\/pages\/170\/revisions"}],"predecessor-version":[{"id":5819,"href":"https:\/\/www.salesianobelgrano.edu.ar\/index.php?rest_route=\/wp\/v2\/pages\/170\/revisions\/5819"}],"up":[{"embeddable":true,"href":"https:\/\/www.salesianobelgrano.edu.ar\/index.php?rest_route=\/wp\/v2\/pages\/71"}],"wp:attachment":[{"href":"https:\/\/www.salesianobelgrano.edu.ar\/index.php?rest_route=%2Fwp%2Fv2%2Fmedia&parent=170"}],"curies":[{"name":"wp","href":"https:\/\/api.w.org\/{rel}","templated":true}]}}