{"id":2544,"date":"2016-08-09T22:33:08","date_gmt":"2016-08-09T22:33:08","guid":{"rendered":"http:\/\/www.salesianobelgrano.edu.ar\/?page_id=2544"},"modified":"2021-11-02T15:15:13","modified_gmt":"2021-11-02T15:15:13","slug":"documentos-institucionales","status":"publish","type":"page","link":"https:\/\/www.salesianobelgrano.edu.ar\/?page_id=2544","title":{"rendered":"Documentos Legales y Normativas"},"content":{"rendered":"<p>En esta p\u00e1gina encontrar\u00e1s los distintos documentos nacionales, provinciales, inspectoriales e institucionales en los cuales el Colegio Salesiano General Belgrano se rige.<\/p>\n<p>A su disposici\u00f3n se encuentran (Hacer click en cada t\u00edtulo):<\/p>\n<ul>\n<li><span style=\"color: #0000ff;\"><strong><a style=\"color: #0000ff;\" href=\"http:\/\/www.salesianobelgrano.edu.ar\/wp-content\/uploads\/2021\/11\/Circular-de-Matricula-2022-Secundario-2\u00b0-a-6\u00b0-Ano.pdf\">Circular de Matricula 2022 &#8211; Secundario 2\u00b0 a 6\u00b0 A\u00f1o<\/a><\/strong><\/span><\/li>\n<li><span style=\"color: #0000ff;\"><strong><a style=\"color: #0000ff;\" href=\"http:\/\/www.salesianobelgrano.edu.ar\/wp-content\/uploads\/2021\/11\/Circular-de-Matricula-2022-1o-Ano-Secundario.pdf\">Circular de Matricula 2022 &#8211; 1\u00ba A\u00f1o Secundario<\/a><\/strong><\/span><\/li>\n<li><span style=\"color: #0000ff;\"><strong><a style=\"color: #0000ff;\" href=\"http:\/\/www.salesianobelgrano.edu.ar\/wp-content\/uploads\/2021\/11\/Circular-de-Matricula-2022-Primario-2\u00b0-a-6\u00b0-grado.pdf\">Circular de Matricula 2022 &#8211; Primario 2\u00b0 a 6\u00b0 grado<\/a><\/strong><\/span><\/li>\n<li><span style=\"color: #0000ff;\"><strong><a style=\"color: #0000ff;\" href=\"http:\/\/www.salesianobelgrano.edu.ar\/wp-content\/uploads\/2021\/11\/Circular-de-Matricula-2022-1o-Grado-Primario.pdf\">Circular de Matricula 2022 &#8211; 1\u00ba Grado Primario<\/a><\/strong><\/span><\/li>\n<li><span style=\"color: #0000ff;\"><strong><a style=\"color: #0000ff;\" href=\"http:\/\/www.salesianobelgrano.edu.ar\/wp-content\/uploads\/2021\/11\/Circular-de-Matricula-2022-Nivel-Inicial.pdf\">Circular de Matricula 2022 &#8211; Nivel Inicial<\/a><\/strong><\/span><\/li>\n<li><span style=\"color: #0000ff;\"><strong><a style=\"color: #0000ff;\" href=\"http:\/\/www.salesianobelgrano.edu.ar\/wp-content\/uploads\/2017\/12\/Ideario-Salesiano.pdf\">Ideario Salesiano<\/a><\/strong><\/span><\/li>\n<li><span style=\"color: #0000ff;\"><strong><a style=\"color: #0000ff;\" href=\"http:\/\/www.salesianobelgrano.edu.ar\/wp-content\/uploads\/2017\/12\/Ley-9010-Honorable-Legislatura-de-Tucum%C3%A1n.pdf\">Ley 9010 \u2013 Honorable Legislatura de Tucum\u00e1n<\/a><\/strong><\/span><\/li>\n<li><span style=\"color: #0000ff;\"><strong><a style=\"color: #0000ff;\" href=\"http:\/\/www.salesianobelgrano.edu.ar\/wp-content\/uploads\/2017\/12\/Reglamentaci%C3%B3n-para-los-establecimientos-privados-de-la-ense%C3%B1anza-de-la-provincia-de-Tucum%C3%A1n-Decreto_2191.pdf\">Reglamentaci\u00f3n para los establecimientos privados de la ense\u00f1anza de la provincia de Tucum\u00e1n \u2013 Decreto_2191<\/a><\/strong><\/span><\/li>\n<li><span style=\"color: #0000ff;\"><strong><a style=\"color: #0000ff;\" href=\"http:\/\/www.salesianobelgrano.edu.ar\/wp-content\/uploads\/2017\/12\/Ley-de-Educaci%C3%B3n-Provincial.pdf\">Ley de Educaci\u00f3n Provincial<\/a><\/strong><\/span><\/li>\n<li><span style=\"color: #0000ff;\"><strong><a style=\"color: #0000ff;\" href=\"http:\/\/www.salesianobelgrano.edu.ar\/wp-content\/uploads\/2017\/12\/Ley-de-Educaci%C3%B3n-Nacional.pdf\">Ley de Educaci\u00f3n Nacional<\/a><\/strong><\/span><\/li>\n<\/ul>\n","protected":false},"excerpt":{"rendered":"<p>En esta p\u00e1gina encontrar\u00e1s los distintos documentos nacionales, provinciales, inspectoriales e institucionales en los cuales el Colegio Salesiano General Belgrano se rige. A su disposici\u00f3n se encuentran (Hacer click en cada t\u00edtulo): Circular de Matricula 2022 &#8211; Secundario 2\u00b0 a 6\u00b0 A\u00f1o Circular de Matricula 2022 &#8211; 1\u00ba A\u00f1o Secundario Circular de Matricula 2022 &#8211; &hellip; <a href=\"https:\/\/www.salesianobelgrano.edu.ar\/?page_id=2544\" class=\"more-link\">Sigue leyendo <span class=\"screen-reader-text\">Documentos Legales y Normativas<\/span><\/a><\/p>\n","protected":false},"author":1,"featured_media":4029,"parent":71,"menu_order":0,"comment_status":"closed","ping_status":"closed","template":"","meta":{"ngg_post_thumbnail":0,"footnotes":""},"class_list":["post-2544","page","type-page","status-publish","has-post-thumbnail","hentry"],"_links":{"self":[{"href":"https:\/\/www.salesianobelgrano.edu.ar\/index.php?rest_route=\/wp\/v2\/pages\/2544","targetHints":{"allow":["GET"]}}],"collection":[{"href":"https:\/\/www.salesianobelgrano.edu.ar\/index.php?rest_route=\/wp\/v2\/pages"}],"about":[{"href":"https:\/\/www.salesianobelgrano.edu.ar\/index.php?rest_route=\/wp\/v2\/types\/page"}],"author":[{"embeddable":true,"href":"https:\/\/www.salesianobelgrano.edu.ar\/index.php?rest_route=\/wp\/v2\/users\/1"}],"replies":[{"embeddable":true,"href":"https:\/\/www.salesianobelgrano.edu.ar\/index.php?rest_route=%2Fwp%2Fv2%2Fcomments&post=2544"}],"version-history":[{"count":12,"href":"https:\/\/www.salesianobelgrano.edu.ar\/index.php?rest_route=\/wp\/v2\/pages\/2544\/revisions"}],"predecessor-version":[{"id":4027,"href":"https:\/\/www.salesianobelgrano.edu.ar\/index.php?rest_route=\/wp\/v2\/pages\/2544\/revisions\/4027"}],"up":[{"embeddable":true,"href":"https:\/\/www.salesianobelgrano.edu.ar\/index.php?rest_route=\/wp\/v2\/pages\/71"}],"wp:featuredmedia":[{"embeddable":true,"href":"https:\/\/www.salesianobelgrano.edu.ar\/index.php?rest_route=\/wp\/v2\/media\/4029"}],"wp:attachment":[{"href":"https:\/\/www.salesianobelgrano.edu.ar\/index.php?rest_route=%2Fwp%2Fv2%2Fmedia&parent=2544"}],"curies":[{"name":"wp","href":"https:\/\/api.w.org\/{rel}","templated":true}]}}